{"id":4124,"date":"2025-01-22T09:03:03","date_gmt":"2025-01-22T09:03:03","guid":{"rendered":"https:\/\/andre-bazin.fr\/gms\/?post_type=modele-produit&#038;p=4124"},"modified":"2025-06-18T12:29:45","modified_gmt":"2025-06-18T12:29:45","slug":"les-saucisses-de-montbeliard-igp","status":"publish","type":"modele-produit","link":"https:\/\/andre-bazin.fr\/gms\/modele-produit\/les-saucisses-de-montbeliard-igp\/","title":{"rendered":"Les Saucisses de Montb\u00e9liard IGP"},"content":{"rendered":"\n<p><em>D\u00e9couvrez le produit issu de notre&nbsp;<\/em>Savoir-faire historique&nbsp;!<\/p>\n\n\n\n<p>Inscrit dans son terroir de l\u2019Est de la France, Andr\u00e9 Bazin a toujours particip\u00e9 avec fiert\u00e9 et passion \u00e0 la mise en valeur de son patrimoine gastronomique&nbsp;!<\/p>\n\n\n\n<p>Une saucisse fum\u00e9e riche en saveurs, emboss\u00e9e \u00e0 la main et chevill\u00e9e avec soin pour vous proposer chaque jour un produit d\u2019exception&nbsp;!<\/p>\n\n\n\n<p>Fumage naturel, homog\u00e8ne, lent et contr\u00f4l\u00e9 au bois de r\u00e9sineux, viande de porc fran\u00e7ais nourri au petit lait, recette maison relev\u00e9e de notes de poivre et de cumin sont le secret de notre recette savoureuse et authentique. D\u00e9gustez un fleuron de notre terroir dont la recette a obtenu de nombreuses distinctions dont les plus prestigieuses m\u00e9dailles du Concours G\u00e9n\u00e9ral Agricole.<\/p>\n\n\n\n<p>Existe en diff\u00e9rents formats, \u00e0 cuire ou d\u00e9j\u00e0 cuite&nbsp;<\/p>\n\n\n\n<p>\u00c9galement disponible au rayon traditionnel\/ \u00e0 la coupe<a href=\"https:\/\/andre-bazin.fr\/gms\/contact\/\"><\/a><\/p>\n","protected":false},"featured_media":4100,"template":"","classification":[100,69],"categories-produits":[],"class_list":["post-4124","modele-produit","type-modele-produit","status-publish","has-post-thumbnail","hentry","classification-nos-igp-rayon-a-la-coupe","classification-rayon-a-la-coupe"],"yoast_head":"<!-- This site is optimized with the Yoast SEO plugin v27.3 - https:\/\/yoast.com\/product\/yoast-seo-wordpress\/ -->\n<title>Les Saucisses de Montb\u00e9liard IGP - GMS - Andre Bazin - Charcuterie et Salaison<\/title>\n<meta name=\"robots\" content=\"index, follow, max-snippet:-1, max-image-preview:large, max-video-preview:-1\" \/>\n<link rel=\"canonical\" href=\"https:\/\/andre-bazin.fr\/gms\/modele-produit\/les-saucisses-de-montbeliard-igp\/\" \/>\n<meta property=\"og:locale\" content=\"fr_FR\" \/>\n<meta property=\"og:type\" content=\"article\" \/>\n<meta property=\"og:title\" content=\"Les Saucisses de Montb\u00e9liard IGP - GMS - Andre Bazin - Charcuterie et Salaison\" \/>\n<meta property=\"og:description\" content=\"D\u00e9couvrez le produit issu de notre&nbsp;Savoir-faire historique&nbsp;! Inscrit dans son terroir de l\u2019Est de la France, Andr\u00e9 Bazin a toujours particip\u00e9 avec fiert\u00e9 et passion \u00e0 la mise en valeur de son patrimoine gastronomique&nbsp;! Une saucisse fum\u00e9e riche en saveurs, emboss\u00e9e \u00e0 la main et chevill\u00e9e avec soin pour vous proposer chaque jour un produit [&hellip;]\" \/>\n<meta property=\"og:url\" content=\"https:\/\/andre-bazin.fr\/gms\/modele-produit\/les-saucisses-de-montbeliard-igp\/\" \/>\n<meta property=\"og:site_name\" content=\"GMS - Andre Bazin - Charcuterie et Salaison\" \/>\n<meta property=\"article:modified_time\" content=\"2025-06-18T12:29:45+00:00\" \/>\n<meta property=\"og:image\" content=\"https:\/\/andre-bazin.fr\/gms\/wp-content\/uploads\/sites\/7\/2024\/12\/Saucisse-de-Montbeliard-3240650019749-e1737454528982.png\" \/>\n\t<meta property=\"og:image:width\" content=\"1210\" \/>\n\t<meta property=\"og:image:height\" content=\"943\" \/>\n\t<meta property=\"og:image:type\" content=\"image\/png\" \/>\n<meta name=\"twitter:card\" content=\"summary_large_image\" \/>\n<meta name=\"twitter:label1\" content=\"Dur\u00e9e de lecture estim\u00e9e\" \/>\n\t<meta name=\"twitter:data1\" content=\"1 minute\" \/>\n<script type=\"application\/ld+json\" class=\"yoast-schema-graph\">{\"@context\":\"https:\\\/\\\/schema.org\",\"@graph\":[{\"@type\":\"WebPage\",\"@id\":\"https:\\\/\\\/andre-bazin.fr\\\/gms\\\/modele-produit\\\/les-saucisses-de-montbeliard-igp\\\/\",\"url\":\"https:\\\/\\\/andre-bazin.fr\\\/gms\\\/modele-produit\\\/les-saucisses-de-montbeliard-igp\\\/\",\"name\":\"Les Saucisses de Montb\u00e9liard IGP - GMS - Andre Bazin - Charcuterie et Salaison\",\"isPartOf\":{\"@id\":\"https:\\\/\\\/andre-bazin.fr\\\/gms\\\/#website\"},\"primaryImageOfPage\":{\"@id\":\"https:\\\/\\\/andre-bazin.fr\\\/gms\\\/modele-produit\\\/les-saucisses-de-montbeliard-igp\\\/#primaryimage\"},\"image\":{\"@id\":\"https:\\\/\\\/andre-bazin.fr\\\/gms\\\/modele-produit\\\/les-saucisses-de-montbeliard-igp\\\/#primaryimage\"},\"thumbnailUrl\":\"https:\\\/\\\/andre-bazin.fr\\\/gms\\\/wp-content\\\/uploads\\\/sites\\\/7\\\/2024\\\/12\\\/Saucisse-de-Montbeliard-3240650019749-e1737454528982.png\",\"datePublished\":\"2025-01-22T09:03:03+00:00\",\"dateModified\":\"2025-06-18T12:29:45+00:00\",\"breadcrumb\":{\"@id\":\"https:\\\/\\\/andre-bazin.fr\\\/gms\\\/modele-produit\\\/les-saucisses-de-montbeliard-igp\\\/#breadcrumb\"},\"inLanguage\":\"fr-FR\",\"potentialAction\":[{\"@type\":\"ReadAction\",\"target\":[\"https:\\\/\\\/andre-bazin.fr\\\/gms\\\/modele-produit\\\/les-saucisses-de-montbeliard-igp\\\/\"]}]},{\"@type\":\"ImageObject\",\"inLanguage\":\"fr-FR\",\"@id\":\"https:\\\/\\\/andre-bazin.fr\\\/gms\\\/modele-produit\\\/les-saucisses-de-montbeliard-igp\\\/#primaryimage\",\"url\":\"https:\\\/\\\/andre-bazin.fr\\\/gms\\\/wp-content\\\/uploads\\\/sites\\\/7\\\/2024\\\/12\\\/Saucisse-de-Montbeliard-3240650019749-e1737454528982.png\",\"contentUrl\":\"https:\\\/\\\/andre-bazin.fr\\\/gms\\\/wp-content\\\/uploads\\\/sites\\\/7\\\/2024\\\/12\\\/Saucisse-de-Montbeliard-3240650019749-e1737454528982.png\",\"width\":1210,\"height\":943},{\"@type\":\"BreadcrumbList\",\"@id\":\"https:\\\/\\\/andre-bazin.fr\\\/gms\\\/modele-produit\\\/les-saucisses-de-montbeliard-igp\\\/#breadcrumb\",\"itemListElement\":[{\"@type\":\"ListItem\",\"position\":1,\"name\":\"Accueil\",\"item\":\"https:\\\/\\\/andre-bazin.fr\\\/gms\\\/\"},{\"@type\":\"ListItem\",\"position\":2,\"name\":\"Les produits\",\"item\":\"https:\\\/\\\/andre-bazin.fr\\\/gms\\\/modele-produit\\\/\"},{\"@type\":\"ListItem\",\"position\":3,\"name\":\"Les Saucisses de Montb\u00e9liard IGP\"}]},{\"@type\":\"WebSite\",\"@id\":\"https:\\\/\\\/andre-bazin.fr\\\/gms\\\/#website\",\"url\":\"https:\\\/\\\/andre-bazin.fr\\\/gms\\\/\",\"name\":\"GMS - Andre Bazin - Charcuterie et Salaison\",\"description\":\"\",\"publisher\":{\"@id\":\"https:\\\/\\\/andre-bazin.fr\\\/gms\\\/#organization\"},\"potentialAction\":[{\"@type\":\"SearchAction\",\"target\":{\"@type\":\"EntryPoint\",\"urlTemplate\":\"https:\\\/\\\/andre-bazin.fr\\\/gms\\\/?s={search_term_string}\"},\"query-input\":{\"@type\":\"PropertyValueSpecification\",\"valueRequired\":true,\"valueName\":\"search_term_string\"}}],\"inLanguage\":\"fr-FR\"},{\"@type\":\"Organization\",\"@id\":\"https:\\\/\\\/andre-bazin.fr\\\/gms\\\/#organization\",\"name\":\"GMS - Andre Bazin - Charcuterie et Salaison\",\"url\":\"https:\\\/\\\/andre-bazin.fr\\\/gms\\\/\",\"logo\":{\"@type\":\"ImageObject\",\"inLanguage\":\"fr-FR\",\"@id\":\"https:\\\/\\\/andre-bazin.fr\\\/gms\\\/#\\\/schema\\\/logo\\\/image\\\/\",\"url\":\"https:\\\/\\\/andre-bazin.fr\\\/gms\\\/wp-content\\\/uploads\\\/sites\\\/7\\\/2024\\\/05\\\/LOGO_ANDRE_BAZIN-HD.png\",\"contentUrl\":\"https:\\\/\\\/andre-bazin.fr\\\/gms\\\/wp-content\\\/uploads\\\/sites\\\/7\\\/2024\\\/05\\\/LOGO_ANDRE_BAZIN-HD.png\",\"width\":1515,\"height\":660,\"caption\":\"GMS - Andre Bazin - Charcuterie et Salaison\"},\"image\":{\"@id\":\"https:\\\/\\\/andre-bazin.fr\\\/gms\\\/#\\\/schema\\\/logo\\\/image\\\/\"}}]}<\/script>\n<!-- \/ Yoast SEO plugin. -->","yoast_head_json":{"title":"Les Saucisses de Montb\u00e9liard IGP - GMS - Andre Bazin - Charcuterie et Salaison","robots":{"index":"index","follow":"follow","max-snippet":"max-snippet:-1","max-image-preview":"max-image-preview:large","max-video-preview":"max-video-preview:-1"},"canonical":"https:\/\/andre-bazin.fr\/gms\/modele-produit\/les-saucisses-de-montbeliard-igp\/","og_locale":"fr_FR","og_type":"article","og_title":"Les Saucisses de Montb\u00e9liard IGP - GMS - Andre Bazin - Charcuterie et Salaison","og_description":"D\u00e9couvrez le produit issu de notre&nbsp;Savoir-faire historique&nbsp;! Inscrit dans son terroir de l\u2019Est de la France, Andr\u00e9 Bazin a toujours particip\u00e9 avec fiert\u00e9 et passion \u00e0 la mise en valeur de son patrimoine gastronomique&nbsp;! Une saucisse fum\u00e9e riche en saveurs, emboss\u00e9e \u00e0 la main et chevill\u00e9e avec soin pour vous proposer chaque jour un produit [&hellip;]","og_url":"https:\/\/andre-bazin.fr\/gms\/modele-produit\/les-saucisses-de-montbeliard-igp\/","og_site_name":"GMS - Andre Bazin - Charcuterie et Salaison","article_modified_time":"2025-06-18T12:29:45+00:00","og_image":[{"width":1210,"height":943,"url":"https:\/\/andre-bazin.fr\/gms\/wp-content\/uploads\/sites\/7\/2024\/12\/Saucisse-de-Montbeliard-3240650019749-e1737454528982.png","type":"image\/png"}],"twitter_card":"summary_large_image","twitter_misc":{"Dur\u00e9e de lecture estim\u00e9e":"1 minute"},"schema":{"@context":"https:\/\/schema.org","@graph":[{"@type":"WebPage","@id":"https:\/\/andre-bazin.fr\/gms\/modele-produit\/les-saucisses-de-montbeliard-igp\/","url":"https:\/\/andre-bazin.fr\/gms\/modele-produit\/les-saucisses-de-montbeliard-igp\/","name":"Les Saucisses de Montb\u00e9liard IGP - GMS - Andre Bazin - Charcuterie et Salaison","isPartOf":{"@id":"https:\/\/andre-bazin.fr\/gms\/#website"},"primaryImageOfPage":{"@id":"https:\/\/andre-bazin.fr\/gms\/modele-produit\/les-saucisses-de-montbeliard-igp\/#primaryimage"},"image":{"@id":"https:\/\/andre-bazin.fr\/gms\/modele-produit\/les-saucisses-de-montbeliard-igp\/#primaryimage"},"thumbnailUrl":"https:\/\/andre-bazin.fr\/gms\/wp-content\/uploads\/sites\/7\/2024\/12\/Saucisse-de-Montbeliard-3240650019749-e1737454528982.png","datePublished":"2025-01-22T09:03:03+00:00","dateModified":"2025-06-18T12:29:45+00:00","breadcrumb":{"@id":"https:\/\/andre-bazin.fr\/gms\/modele-produit\/les-saucisses-de-montbeliard-igp\/#breadcrumb"},"inLanguage":"fr-FR","potentialAction":[{"@type":"ReadAction","target":["https:\/\/andre-bazin.fr\/gms\/modele-produit\/les-saucisses-de-montbeliard-igp\/"]}]},{"@type":"ImageObject","inLanguage":"fr-FR","@id":"https:\/\/andre-bazin.fr\/gms\/modele-produit\/les-saucisses-de-montbeliard-igp\/#primaryimage","url":"https:\/\/andre-bazin.fr\/gms\/wp-content\/uploads\/sites\/7\/2024\/12\/Saucisse-de-Montbeliard-3240650019749-e1737454528982.png","contentUrl":"https:\/\/andre-bazin.fr\/gms\/wp-content\/uploads\/sites\/7\/2024\/12\/Saucisse-de-Montbeliard-3240650019749-e1737454528982.png","width":1210,"height":943},{"@type":"BreadcrumbList","@id":"https:\/\/andre-bazin.fr\/gms\/modele-produit\/les-saucisses-de-montbeliard-igp\/#breadcrumb","itemListElement":[{"@type":"ListItem","position":1,"name":"Accueil","item":"https:\/\/andre-bazin.fr\/gms\/"},{"@type":"ListItem","position":2,"name":"Les produits","item":"https:\/\/andre-bazin.fr\/gms\/modele-produit\/"},{"@type":"ListItem","position":3,"name":"Les Saucisses de Montb\u00e9liard IGP"}]},{"@type":"WebSite","@id":"https:\/\/andre-bazin.fr\/gms\/#website","url":"https:\/\/andre-bazin.fr\/gms\/","name":"GMS - Andre Bazin - Charcuterie et Salaison","description":"","publisher":{"@id":"https:\/\/andre-bazin.fr\/gms\/#organization"},"potentialAction":[{"@type":"SearchAction","target":{"@type":"EntryPoint","urlTemplate":"https:\/\/andre-bazin.fr\/gms\/?s={search_term_string}"},"query-input":{"@type":"PropertyValueSpecification","valueRequired":true,"valueName":"search_term_string"}}],"inLanguage":"fr-FR"},{"@type":"Organization","@id":"https:\/\/andre-bazin.fr\/gms\/#organization","name":"GMS - Andre Bazin - Charcuterie et Salaison","url":"https:\/\/andre-bazin.fr\/gms\/","logo":{"@type":"ImageObject","inLanguage":"fr-FR","@id":"https:\/\/andre-bazin.fr\/gms\/#\/schema\/logo\/image\/","url":"https:\/\/andre-bazin.fr\/gms\/wp-content\/uploads\/sites\/7\/2024\/05\/LOGO_ANDRE_BAZIN-HD.png","contentUrl":"https:\/\/andre-bazin.fr\/gms\/wp-content\/uploads\/sites\/7\/2024\/05\/LOGO_ANDRE_BAZIN-HD.png","width":1515,"height":660,"caption":"GMS - Andre Bazin - Charcuterie et Salaison"},"image":{"@id":"https:\/\/andre-bazin.fr\/gms\/#\/schema\/logo\/image\/"}}]}},"_links":{"self":[{"href":"https:\/\/andre-bazin.fr\/gms\/wp-json\/wp\/v2\/modele-produit\/4124","targetHints":{"allow":["GET"]}}],"collection":[{"href":"https:\/\/andre-bazin.fr\/gms\/wp-json\/wp\/v2\/modele-produit"}],"about":[{"href":"https:\/\/andre-bazin.fr\/gms\/wp-json\/wp\/v2\/types\/modele-produit"}],"wp:featuredmedia":[{"embeddable":true,"href":"https:\/\/andre-bazin.fr\/gms\/wp-json\/wp\/v2\/media\/4100"}],"wp:attachment":[{"href":"https:\/\/andre-bazin.fr\/gms\/wp-json\/wp\/v2\/media?parent=4124"}],"wp:term":[{"taxonomy":"classification","embeddable":true,"href":"https:\/\/andre-bazin.fr\/gms\/wp-json\/wp\/v2\/classification?post=4124"},{"taxonomy":"categories-produits","embeddable":true,"href":"https:\/\/andre-bazin.fr\/gms\/wp-json\/wp\/v2\/categories-produits?post=4124"}],"curies":[{"name":"wp","href":"https:\/\/api.w.org\/{rel}","templated":true}]}}